{"id":2,"date":"2021-01-20T07:51:28","date_gmt":"2021-01-20T06:51:28","guid":{"rendered":"https:\/\/psyvi.1248.tech\/?page_id=2"},"modified":"2021-03-02T08:32:34","modified_gmt":"2021-03-02T07:32:34","slug":"sample-page","status":"publish","type":"page","link":"https:\/\/www.psychiatrie-praha2.cz\/","title":{"rendered":"Psychiatrie Praha 2"},"content":{"rendered":"","protected":false},"excerpt":{"rendered":"","protected":false},"author":1,"featured_media":0,"parent":0,"menu_order":0,"comment_status":"closed","ping_status":"open","template":"","meta":[],"yoast_head":"<!-- This site is optimized with the Yoast SEO plugin v14.9 - https:\/\/yoast.com\/wordpress\/plugins\/seo\/ -->\n<meta name=\"description\" content=\"Na\u0161e psychiatrick\u00e1 ambulance na Praze 2 poskytuje komplexn\u00ed psychiatrickou p\u00e9\u010di. Deprese, manie, bipol\u00e1rn\u00ed porucha, syndrom vyho\u0159en\u00ed, posttraumatick\u00e1 porucha, \u00fazkostn\u00e9 poruchy, poruchy sp\u00e1nku, psychick\u00e9 poruchy v t\u011bhotenstv\u00ed a laktaci\" \/>\n<meta name=\"robots\" content=\"index, follow, max-snippet:-1, max-image-preview:large, max-video-preview:-1\" \/>\n<link rel=\"canonical\" href=\"https:\/\/www.psychiatrie-praha2.cz\/\" \/>\n<meta property=\"og:locale\" content=\"en_US\" \/>\n<meta property=\"og:type\" content=\"article\" \/>\n<meta property=\"og:title\" content=\"Psychiatr pobl\u00ed\u017e I.P. Pavlova - Psychiatrie Praha 2\" \/>\n<meta property=\"og:description\" content=\"Na\u0161e psychiatrick\u00e1 ambulance na Praze 2 poskytuje komplexn\u00ed psychiatrickou p\u00e9\u010di. Deprese, manie, bipol\u00e1rn\u00ed porucha, syndrom vyho\u0159en\u00ed, posttraumatick\u00e1 porucha, \u00fazkostn\u00e9 poruchy, poruchy sp\u00e1nku, psychick\u00e9 poruchy v t\u011bhotenstv\u00ed a laktaci\" \/>\n<meta property=\"og:url\" content=\"https:\/\/www.psychiatrie-praha2.cz\/\" \/>\n<meta property=\"og:site_name\" content=\"V\u00e1\u0161 psychiatr na Praze 2\" \/>\n<meta property=\"article:modified_time\" content=\"2021-03-02T07:32:34+00:00\" \/>\n<meta name=\"twitter:card\" content=\"summary_large_image\" \/>\n<script type=\"application\/ld+json\" class=\"yoast-schema-graph\">{\"@context\":\"https:\/\/schema.org\",\"@graph\":[{\"@type\":\"Organization\",\"@id\":\"https:\/\/www.psychiatrie-praha2.cz\/#organization\",\"name\":\"Psychiatrie Vinohrady - Praha 2\",\"url\":\"https:\/\/www.psychiatrie-praha2.cz\/\",\"sameAs\":[],\"logo\":{\"@type\":\"ImageObject\",\"@id\":\"https:\/\/www.psychiatrie-praha2.cz\/#logo\",\"inLanguage\":\"en-US\",\"url\":\"https:\/\/www.psychiatrie-praha2.cz\/wp-content\/uploads\/psychiatrie-praha-2.svg\",\"width\":266,\"height\":93,\"caption\":\"Psychiatrie Vinohrady - Praha 2\"},\"image\":{\"@id\":\"https:\/\/www.psychiatrie-praha2.cz\/#logo\"}},{\"@type\":\"WebSite\",\"@id\":\"https:\/\/www.psychiatrie-praha2.cz\/#website\",\"url\":\"https:\/\/www.psychiatrie-praha2.cz\/\",\"name\":\"V\\u00e1\\u0161 psychiatr na Praze 2\",\"description\":\"\",\"publisher\":{\"@id\":\"https:\/\/www.psychiatrie-praha2.cz\/#organization\"},\"potentialAction\":[{\"@type\":\"SearchAction\",\"target\":\"https:\/\/www.psychiatrie-praha2.cz\/?s={search_term_string}\",\"query-input\":\"required name=search_term_string\"}],\"inLanguage\":\"en-US\"},{\"@type\":\"WebPage\",\"@id\":\"https:\/\/www.psychiatrie-praha2.cz\/#webpage\",\"url\":\"https:\/\/www.psychiatrie-praha2.cz\/\",\"name\":\"Psychiatr pobl\\u00ed\\u017e I.P. Pavlova - Psychiatrie Praha 2\",\"isPartOf\":{\"@id\":\"https:\/\/www.psychiatrie-praha2.cz\/#website\"},\"datePublished\":\"2021-01-20T06:51:28+00:00\",\"dateModified\":\"2021-03-02T07:32:34+00:00\",\"description\":\"Na\\u0161e psychiatrick\\u00e1 ambulance na Praze 2 poskytuje komplexn\\u00ed psychiatrickou p\\u00e9\\u010di. Deprese, manie, bipol\\u00e1rn\\u00ed porucha, syndrom vyho\\u0159en\\u00ed, posttraumatick\\u00e1 porucha, \\u00fazkostn\\u00e9 poruchy, poruchy sp\\u00e1nku, psychick\\u00e9 poruchy v t\\u011bhotenstv\\u00ed a laktaci\",\"inLanguage\":\"en-US\",\"potentialAction\":[{\"@type\":\"ReadAction\",\"target\":[\"https:\/\/www.psychiatrie-praha2.cz\/\"]}]}]}<\/script>\n<!-- \/ Yoast SEO plugin. -->","_links":{"self":[{"href":"https:\/\/www.psychiatrie-praha2.cz\/index.php\/wp-json\/wp\/v2\/pages\/2"}],"collection":[{"href":"https:\/\/www.psychiatrie-praha2.cz\/index.php\/wp-json\/wp\/v2\/pages"}],"about":[{"href":"https:\/\/www.psychiatrie-praha2.cz\/index.php\/wp-json\/wp\/v2\/types\/page"}],"author":[{"embeddable":true,"href":"https:\/\/www.psychiatrie-praha2.cz\/index.php\/wp-json\/wp\/v2\/users\/1"}],"replies":[{"embeddable":true,"href":"https:\/\/www.psychiatrie-praha2.cz\/index.php\/wp-json\/wp\/v2\/comments?post=2"}],"version-history":[{"count":5,"href":"https:\/\/www.psychiatrie-praha2.cz\/index.php\/wp-json\/wp\/v2\/pages\/2\/revisions"}],"predecessor-version":[{"id":141,"href":"https:\/\/www.psychiatrie-praha2.cz\/index.php\/wp-json\/wp\/v2\/pages\/2\/revisions\/141"}],"wp:attachment":[{"href":"https:\/\/www.psychiatrie-praha2.cz\/index.php\/wp-json\/wp\/v2\/media?parent=2"}],"curies":[{"name":"wp","href":"https:\/\/api.w.org\/{rel}","templated":true}]}}